{"id":31770,"date":"2025-08-30T00:18:51","date_gmt":"2025-08-30T00:18:51","guid":{"rendered":"https:\/\/tridentinecatholic.com\/wp2\/?page_id=31770"},"modified":"2026-08-30T19:55:33","modified_gmt":"2026-08-30T19:55:33","slug":"31770-2","status":"publish","type":"page","link":"https:\/\/tridentinecatholic.com\/wp2\/","title":{"rendered":""},"content":{"rendered":"\n<h2 class=\"wp-block-heading has-text-align-center\">Just a taste of the new Synodal faux Catholic church. This explains a lot why I am a Cubs fan and supporter of the SSPX<\/h2>\n\n\n<div class=\"wp-block-image\">\n<figure class=\"aligncenter size-full\"><img loading=\"lazy\" decoding=\"async\" width=\"1320\" height=\"1650\" src=\"https:\/\/tridentinecatholic.com\/wp2\/wp-content\/uploads\/2026\/08\/785979068_1568065288197968_4710384990574483096_n.jpeg\" alt=\"\" class=\"wp-image-34296\" srcset=\"https:\/\/tridentinecatholic.com\/wp2\/wp-content\/uploads\/2026\/08\/785979068_1568065288197968_4710384990574483096_n.jpeg 1320w, https:\/\/tridentinecatholic.com\/wp2\/wp-content\/uploads\/2026\/08\/785979068_1568065288197968_4710384990574483096_n-240x300.jpeg 240w, https:\/\/tridentinecatholic.com\/wp2\/wp-content\/uploads\/2026\/08\/785979068_1568065288197968_4710384990574483096_n-819x1024.jpeg 819w, https:\/\/tridentinecatholic.com\/wp2\/wp-content\/uploads\/2026\/08\/785979068_1568065288197968_4710384990574483096_n-768x960.jpeg 768w, https:\/\/tridentinecatholic.com\/wp2\/wp-content\/uploads\/2026\/08\/785979068_1568065288197968_4710384990574483096_n-1229x1536.jpeg 1229w, https:\/\/tridentinecatholic.com\/wp2\/wp-content\/uploads\/2026\/08\/785979068_1568065288197968_4710384990574483096_n-300x375.jpeg 300w, https:\/\/tridentinecatholic.com\/wp2\/wp-content\/uploads\/2026\/08\/785979068_1568065288197968_4710384990574483096_n-850x1063.jpeg 850w\" sizes=\"auto, (max-width: 1320px) 100vw, 1320px\" \/><figcaption class=\"wp-element-caption\">Screenshot<\/figcaption><\/figure>\n<\/div>\n\n\n<div class=\"wp-block-columns is-layout-flex wp-container-core-columns-is-layout-9d6595d7 wp-block-columns-is-layout-flex\">\n<div class=\"wp-block-column is-layout-flow wp-block-column-is-layout-flow\">\n<figure class=\"wp-block-image size-full\"><img loading=\"lazy\" decoding=\"async\" width=\"400\" height=\"300\" src=\"https:\/\/tridentinecatholic.com\/wp2\/wp-content\/uploads\/2026\/04\/green-maniple.jpg\" alt=\"\" class=\"wp-image-33302\" srcset=\"https:\/\/tridentinecatholic.com\/wp2\/wp-content\/uploads\/2026\/04\/green-maniple.jpg 400w, https:\/\/tridentinecatholic.com\/wp2\/wp-content\/uploads\/2026\/04\/green-maniple-300x225.jpg 300w\" sizes=\"auto, (max-width: 400px) 100vw, 400px\" \/><\/figure>\n<\/div>\n\n\n\n<div class=\"wp-block-column is-layout-flow wp-block-column-is-layout-flow\">\n<h2 class=\"wp-block-heading\">The Maniple blog<\/h2>\n\n\n\n<p><em><mark style=\"background-color:rgba(0, 0, 0, 0)\" class=\"has-inline-color has-vivid-red-color\">A maniple is a tactical unit of the Roman Republican armies, typically consisting of 120 soldiers, and was used during battles for its flexibility. It was also a liturgical vestment worn by priests in the Catholic Church, hanging from the left arm during Mass.<\/mark><\/em><\/p>\n<\/div>\n<\/div>\n\n\n<ul class=\"wp-block-latest-posts__list has-dates wp-block-latest-posts\"><li><a class=\"wp-block-latest-posts__post-title\" href=\"https:\/\/tridentinecatholic.com\/wp2\/2026\/08\/27\/holding-catholic-shrines-hostage\/\">Holding Catholic Shrines hostage<\/a><time datetime=\"2026-08-27T16:09:40+00:00\" class=\"wp-block-latest-posts__post-date\">August 27, 2026<\/time><div class=\"wp-block-latest-posts__post-excerpt\">News is all over the internet now how the SSPX is banned from Lourdes. I think the mass is banned from Lourdes and not the people. Which in many ways is far worse. This is nothing new and affects all TLM communities and not just the SSPX. I am sure&#8230;<\/div><\/li>\n<li><a class=\"wp-block-latest-posts__post-title\" href=\"https:\/\/tridentinecatholic.com\/wp2\/2026\/08\/25\/in-illinois-when-the-fat-man-sees-his-shadow-in-the-fall-it-means-another-4-years-of-democrat-tyranny\/\">In Illinois when the fat man sees his shadow in the fall it means another 4 years of Democrat tyranny<\/a><time datetime=\"2026-08-25T14:45:04+00:00\" class=\"wp-block-latest-posts__post-date\">August 25, 2026<\/time><div class=\"wp-block-latest-posts__post-excerpt\">Pritzker did see his shadow, and the name is Darrin Baily, GOP candidate for governor. I am sure Bailey is a good man and morally can run circles around the fatman and believe me there are a lot of miles involved in doing that. There are two problems, his track&#8230;<\/div><\/li>\n<li><a class=\"wp-block-latest-posts__post-title\" href=\"https:\/\/tridentinecatholic.com\/wp2\/2026\/08\/23\/please-help-the-carmelite-nuns-in-arlington-texas-monastery-of-the-most-holy-trinity\/\">Please Help the Carmelite nuns in Arlington Texas, Monastery of the most Holy Trinity<\/a><time datetime=\"2026-08-23T21:48:20+00:00\" class=\"wp-block-latest-posts__post-date\">August 23, 2026<\/time><div class=\"wp-block-latest-posts__post-excerpt\">Click on the picture below or scroll down for more links These holy women have been under attack from Bishop Olsen in the Fort Worth Diocese for years now. Olsen has quite a track record of being a bully. Back in 2014 Olsen went after Fisher More college for the&#8230;<\/div><\/li>\n<li><a class=\"wp-block-latest-posts__post-title\" href=\"https:\/\/tridentinecatholic.com\/wp2\/2026\/08\/21\/a-few-dings-been-bodderen-me-from-detective-father-columbo\/\">&#8220;A few dings been bodderen me&#8221; from Detective Father Columbo<\/a><time datetime=\"2026-08-21T16:47:57+00:00\" class=\"wp-block-latest-posts__post-date\">August 21, 2026<\/time><div class=\"wp-block-latest-posts__post-excerpt\">Ding #1 what I just found under a rock. So I just overturned a rock and what did I see. Why its Bishop Olson of the Ft. Worth diocese. What a dispicable, bottom dwelling, pudgy low life this character is and continues to be. We all know this guys exploits&#8230;<\/div><\/li>\n<li><a class=\"wp-block-latest-posts__post-title\" href=\"https:\/\/tridentinecatholic.com\/wp2\/2026\/08\/18\/since-when-did-father-benedict-arnold-get-ordained\/\">Since when did Father Benedict Arnold get ordained?<\/a><time datetime=\"2026-08-18T15:59:16+00:00\" class=\"wp-block-latest-posts__post-date\">August 18, 2026<\/time><div class=\"wp-block-latest-posts__post-excerpt\">Today I ask the musical question, &#8220;What on earth has gotten into the Institute of Christ King Sovereign priest, and what are they up to?&#8221;. For about a year before I left the Institute of Christ king I was starting to have doubts. The rector before the current one in&#8230;<\/div><\/li>\n<\/ul>\n\n<ul class=\"wp-block-archives-list wp-block-archives\">\t<li><a href='https:\/\/tridentinecatholic.com\/wp2\/2026\/08\/'>August 2026<\/a><\/li>\n\t<li><a href='https:\/\/tridentinecatholic.com\/wp2\/2026\/07\/'>July 2026<\/a><\/li>\n\t<li><a href='https:\/\/tridentinecatholic.com\/wp2\/2026\/06\/'>June 2026<\/a><\/li>\n\t<li><a href='https:\/\/tridentinecatholic.com\/wp2\/2026\/05\/'>May 2026<\/a><\/li>\n\t<li><a href='https:\/\/tridentinecatholic.com\/wp2\/2026\/04\/'>April 2026<\/a><\/li>\n\t<li><a href='https:\/\/tridentinecatholic.com\/wp2\/2026\/03\/'>March 2026<\/a><\/li>\n\t<li><a href='https:\/\/tridentinecatholic.com\/wp2\/2026\/02\/'>February 2026<\/a><\/li>\n<\/ul>\n\n\n<hr class=\"wp-block-separator has-alpha-channel-opacity is-style-wide\"\/>\n\n\n\n<h3 class=\"wp-block-heading has-text-align-center\"><strong><mark style=\"background-color:rgba(0, 0, 0, 0)\" class=\"has-inline-color has-vivid-red-color\">News of the Traditional Latin mass church and Conservative politics<\/mark><\/strong><\/h3>\n\n\n<div class=\"vlp-link-container vlp-template-default block-editor-block-list__block wp-block is-selected wp-block-visual-link-preview-link\">\n\t<a href=\"https:\/\/www.youtube.com\/watch?v=0l_Oe9fd4ho\" class=\"vlp-link\" title=\"BREAKING: Bombshell New Details About Federal Persecution Of Traditional Catholics Released\" rel=\"nofollow\" target=\"_blank\"><\/a>\t\t<div class=\"vlp-link-image-container\">\n\t\t<div class=\"vlp-link-image\">\n\t\t\t<img decoding=\"async\" src=\"https:\/\/i.ytimg.com\/vi\/0l_Oe9fd4ho\/maxresdefault.jpg\" style=\"max-width: 150px; max-height: 150px\" \/>\t\t<\/div>\n\t<\/div>\n\t\t<div class=\"vlp-link-text-container\">\n\t\t\t\t<div class=\"vlp-link-title\">\n\t\t\tBREAKING: Bombshell New Details About Federal Persecution Of Traditional Catholics Released\t\t<\/div>\n\t\t\t\t\t\t<div class=\"vlp-link-summary\">\n\t\t\tThe Trump administration just released new details about the federal police snooping on Catholics.Sponsored by Charity Mobilehttps:\/\/www.charitymobile.com\/rt&#8230;\t\t<\/div>\n\t\t\t<\/div>\n<\/div>\n\n\n<div class=\"vlp-link-container vlp-template-default block-editor-block-list__block wp-block wp-block-visual-link-preview-link\">\n\t<a href=\"https:\/\/bigmodernism.substack.com\/p\/leo-builds-the-pink-vatican-francis\" class=\"vlp-link\" title=\"Leo Builds the Pink Vatican Francis Designed\" rel=\"nofollow\" target=\"_blank\"><\/a>\t\t<div class=\"vlp-link-image-container\">\n\t\t<div class=\"vlp-link-image\">\n\t\t\t<img decoding=\"async\" src=\"https:\/\/substackcdn.com\/image\/fetch\/$s_!IkOI!,w_1200,h_675,c_fill,f_jpg,q_auto:good,fl_progressive:steep,g_auto\/https%3A%2F%2Fsubstack-post-media.s3.amazonaws.com%2Fpublic%2Fimages%2Fb94f6156-4672-48d6-ae31-35899d2dee81_1579x996.jpeg\" style=\"max-width: 150px; max-height: 150px\" \/>\t\t<\/div>\n\t<\/div>\n\t\t<div class=\"vlp-link-text-container\">\n\t\t\t\t<div class=\"vlp-link-title\">\n\t\t\tLeo Builds the Pink Vatican Francis Designed\t\t<\/div>\n\t\t\t\t\t\t<div class=\"vlp-link-summary\">\n\t\t\tFemale prefects now govern religious orders and help choose bishops. Mallorca stages dance inside the Assumption liturgy while Belgium sends Rome a Pride-marching ambassador.\t\t<\/div>\n\t\t\t<\/div>\n<\/div>\n\n\n<div class=\"vlp-link-container vlp-template-default block-editor-block-list__block wp-block wp-block-visual-link-preview-link\">\n\t<a href=\"https:\/\/fsspx.news\/en\/news\/leo-xiv-consolidated-womens-access-church-government-60725\" class=\"vlp-link\" title=\"Leo XIV Consolidated Women&#039;s Access to Church Government\" rel=\"nofollow\" target=\"_blank\"><\/a>\t\t<div class=\"vlp-link-image-container\">\n\t\t<div class=\"vlp-link-image\">\n\t\t\t<img decoding=\"async\" src=\"https:\/\/fsspx.news\/sites\/default\/files\/styles\/og_image\/public\/fsspxactualites\/fsspxnews\/3cw78j0.jpg\" style=\"max-width: 150px; max-height: 150px\" \/>\t\t<\/div>\n\t<\/div>\n\t\t<div class=\"vlp-link-text-container\">\n\t\t\t\t<div class=\"vlp-link-title\">\n\t\t\tLeo XIV Consolidated Women&#8217;s Access to Church Government\t\t<\/div>\n\t\t\t\t\t\t<div class=\"vlp-link-summary\">\n\t\t\tL\u00e9on XIV consolide l\u2019acc\u00e8s des femmes au gouvernement de l\u2019Eglise\t\t<\/div>\n\t\t\t<\/div>\n<\/div>\n\n\n<div class=\"vlp-link-container vlp-template-default block-editor-block-list__block wp-block wp-block-visual-link-preview-link\">\n\t<a href=\"https:\/\/rumble.com\/v7eqv02-august-27-2026-another-international-gender-champion-church-burns-to-the-gr.html\" class=\"vlp-link\" title=\"AUGUST 27, 2026: ANOTHER INTERNATIONAL GENDER CHAMPION CHURCH BURNS TO THE GROUND\" rel=\"nofollow\" target=\"_blank\"><\/a>\t\t<div class=\"vlp-link-image-container\">\n\t\t<div class=\"vlp-link-image\">\n\t\t\t<img decoding=\"async\" src=\"https:\/\/hugh.cdn.rumble.cloud\/video\/fwe2\/d1\/s8\/1\/Y\/L\/g\/T\/YLgTA.qR4e-small-AUGUST-27-2026-ANOTHER-INTE..jpg\" style=\"max-width: 150px; max-height: 150px\" \/>\t\t<\/div>\n\t<\/div>\n\t\t<div class=\"vlp-link-text-container\">\n\t\t\t\t<div class=\"vlp-link-title\">\n\t\t\tAUGUST 27, 2026: ANOTHER INTERNATIONAL GENDER CHAMPION CHURCH BURNS TO THE GROUND\t\t<\/div>\n\t\t\t\t\t<\/div>\n<\/div>\n\n\n<div class=\"vlp-link-container vlp-template-default block-editor-block-list__block wp-block wp-block-visual-link-preview-link\">\n\t<a href=\"https:\/\/www.lifesitenews.com\/news\/gay-media-celebrates-pope-leo-xivs-4-pro-lgbtq-bishop-appointments\/?utm_source=SOCIAL\" class=\"vlp-link\" title=\"Gay media celebrates Pope Leo XIV\u2019s 4 pro-LGBT bishop appointments - LifeSite\" rel=\"nofollow\" target=\"_blank\"><\/a>\t\t<div class=\"vlp-link-image-container\">\n\t\t<div class=\"vlp-link-image\">\n\t\t\t<img decoding=\"async\" src=\"https:\/\/www.lifesitenews.com\/wp-content\/uploads\/2026\/02\/Shutterstock_2703598951.jpg\" style=\"max-width: 150px; max-height: 150px\" \/>\t\t<\/div>\n\t<\/div>\n\t\t<div class=\"vlp-link-text-container\">\n\t\t\t\t<div class=\"vlp-link-title\">\n\t\t\tGay media celebrates Pope Leo XIV\u2019s 4 pro-LGBT bishop appointments &#8211; LifeSite\t\t<\/div>\n\t\t\t\t\t\t<div class=\"vlp-link-summary\">\n\t\t\t&#8216;Letters from Leo&#8217; hailed Pope Leo\u2019s recent LGBT-friendly appointments, which include a bishop who had a drag queen speak at Mass.\t\t<\/div>\n\t\t\t<\/div>\n<\/div>\n\n\n<div class=\"vlp-link-container vlp-template-default block-editor-block-list__block wp-block wp-block-visual-link-preview-link\">\n\t<a href=\"https:\/\/www.lifesitenews.com\/news\/sspx-expresses-sorrow-and-incomprehension-over-lourdes-restrictions\/?utm_source=SOCIAL\" class=\"vlp-link\" title=\"SSPX expresses &#039;sorrow and incomprehension&#039; over Lourdes restrictions - LifeSite\" rel=\"nofollow\" target=\"_blank\"><\/a>\t\t<div class=\"vlp-link-image-container\">\n\t\t<div class=\"vlp-link-image\">\n\t\t\t<img decoding=\"async\" src=\"https:\/\/www.lifesitenews.com\/wp-content\/uploads\/2026\/08\/shutterstock_2321133209.jpg\" style=\"max-width: 150px; max-height: 150px\" \/>\t\t<\/div>\n\t<\/div>\n\t\t<div class=\"vlp-link-text-container\">\n\t\t\t\t<div class=\"vlp-link-title\">\n\t\t\tSSPX expresses &#8216;sorrow and incomprehension&#8217; over Lourdes restrictions &#8211; LifeSite\t\t<\/div>\n\t\t\t\t\t\t<div class=\"vlp-link-summary\">\n\t\t\tThe Society of St. Pius X lamented that while its Masses are banned at Lourdes shrine, Muslims are allowed to pray there.\t\t<\/div>\n\t\t\t<\/div>\n<\/div>\n\n\n<div class=\"vlp-link-container vlp-template-default block-editor-block-list__block wp-block wp-block-visual-link-preview-link\">\n\t<a href=\"https:\/\/www.youtube.com\/channel\/UCbgdypwXSo0GzWSVTaiMPJg\" class=\"vlp-link\" title=\"Return To Tradition\" rel=\"nofollow\" target=\"_blank\"><\/a>\t\t<div class=\"vlp-link-image-container\">\n\t\t<div class=\"vlp-link-image\">\n\t\t\t<img decoding=\"async\" src=\"https:\/\/yt3.googleusercontent.com\/ytc\/AIdro_kN2ejzRxFPR4kButrCNbPtOkDMhn3MHWRhXQ3W931WxQ=s900-c-k-c0x00ffffff-no-rj\" style=\"max-width: 150px; max-height: 150px\" \/>\t\t<\/div>\n\t<\/div>\n\t\t<div class=\"vlp-link-text-container\">\n\t\t\t\t<div class=\"vlp-link-title\">\n\t\t\tReturn To Tradition\t\t<\/div>\n\t\t\t\t\t\t<div class=\"vlp-link-summary\">\n\t\t\tAll the current happenings in the Catholic Church that you probably haven&#8217;t heard about. Dealing with Modernism, Vatican 2, and all the rest of the mess that is the present state of the Church. This is your source for all things Traditional Catholicism.\t\t<\/div>\n\t\t\t<\/div>\n<\/div>\n\n\n<div class=\"vlp-link-container vlp-template-default block-editor-block-list__block wp-block wp-block-visual-link-preview-link\">\n\t<a href=\"https:\/\/akacatholic.com\/judeo-conciliar-values-in-action\/\" class=\"vlp-link\" title=\"Judeo-Conciliar Values in Action -\" rel=\"nofollow\" target=\"_blank\"><\/a>\t\t<div class=\"vlp-link-image-container\">\n\t\t<div class=\"vlp-link-image\">\n\t\t\t<img decoding=\"async\" src=\"https:\/\/cdn.shortpixel.ai\/stsp\/to_webp,q_lossy,ret_img\/https:\/\/akacatholic.com\/wp-content\/uploads\/2026\/08\/Abortalmud.jpg\" style=\"max-width: 150px; max-height: 150px\" \/>\t\t<\/div>\n\t<\/div>\n\t\t<div class=\"vlp-link-text-container\">\n\t\t\t\t<div class=\"vlp-link-title\">\n\t\t\tJudeo-Conciliar Values in Action &#8211;\t\t<\/div>\n\t\t\t\t\t\t<div class=\"vlp-link-summary\">\n\t\t\tBy now you\u2019ve heard the news: Massachusetts Governor Maura Healey, a partnered-up homo-deviant who often refers to herself as a Catholic, recently signed into law a bill that effectively legalizes unrestricted abortion. This isn\u2019t Healey\u2019s first public stand against basic Catholic moral principles. In 2022, she openly criticized Bishop Robert McManus\u2019 order for a Massachusetts Catholic\t\t<\/div>\n\t\t\t<\/div>\n<\/div>\n\n\n<div class=\"vlp-link-container vlp-template-default block-editor-block-list__block wp-block wp-block-visual-link-preview-link\">\n\t<a href=\"https:\/\/tridentinecatholic53.substack.com\/p\/please-help-the-carmelite-nuns-in\" class=\"vlp-link\" title=\"Please Help the Carmelite nuns in Arlington Texas, Monastery of the most Holy Trinity\" rel=\"nofollow\" target=\"_blank\"><\/a>\t\t<div class=\"vlp-link-image-container\">\n\t\t<div class=\"vlp-link-image\">\n\t\t\t<img decoding=\"async\" src=\"https:\/\/substackcdn.com\/image\/fetch\/$s_!osp7!,w_1200,h_675,c_fill,f_jpg,q_auto:good,fl_progressive:steep,g_auto\/https%3A%2F%2Fsubstack-post-media.s3.amazonaws.com%2Fpublic%2Fimages%2Ff50e936f-ab2e-4c25-96d9-742ea1c49317_915x793.png\" style=\"max-width: 150px; max-height: 150px\" \/>\t\t<\/div>\n\t<\/div>\n\t\t<div class=\"vlp-link-text-container\">\n\t\t\t\t<div class=\"vlp-link-title\">\n\t\t\tPlease Help the Carmelite nuns in Arlington Texas, Monastery of the most Holy Trinity\t\t<\/div>\n\t\t\t\t\t\t<div class=\"vlp-link-summary\">\n\t\t\tClick on the picture below or scroll down for more links\t\t<\/div>\n\t\t\t<\/div>\n<\/div>\n\n\n<div class=\"vlp-link-container vlp-template-default block-editor-block-list__block wp-block wp-block-visual-link-preview-link\">\n\t<a href=\"https:\/\/www.youtube.com\/watch?v=rJOH_AX_gB8\" class=\"vlp-link\" title=\"Bishop Bravely Tells Leo That No One Wants Synodality\" rel=\"nofollow\" target=\"_blank\"><\/a>\t\t<div class=\"vlp-link-image-container\">\n\t\t<div class=\"vlp-link-image\">\n\t\t\t<img decoding=\"async\" src=\"https:\/\/i.ytimg.com\/vi\/rJOH_AX_gB8\/maxresdefault.jpg\" style=\"max-width: 150px; max-height: 150px\" \/>\t\t<\/div>\n\t<\/div>\n\t\t<div class=\"vlp-link-text-container\">\n\t\t\t\t<div class=\"vlp-link-title\">\n\t\t\tBishop Bravely Tells Leo That No One Wants Synodality\t\t<\/div>\n\t\t\t\t\t\t<div class=\"vlp-link-summary\">\n\t\t\tBishop Rob Mutsaerts got a swift rebuke from his own bishop for telling a basic simple truth about Synodality.Sponsored by Sanctifica App:https:\/\/sanctifica&#8230;.\t\t<\/div>\n\t\t\t<\/div>\n<\/div>\n\n\n<div class=\"vlp-link-container vlp-template-default block-editor-block-list__block wp-block wp-block-visual-link-preview-link\">\n\t<a href=\"https:\/\/gloria.tv\/post\/1HW3hpf7dn9T1bxF9tkr9H1Nk\" class=\"vlp-link\" title=\"AUGUST 21, 2026: CATHOLICS SHOULDN&#039;T HIDE LIKE EVIL LEOCHURCH\" rel=\"nofollow\" target=\"_blank\"><\/a>\t\t<div class=\"vlp-link-image-container\">\n\t\t<div class=\"vlp-link-image\">\n\t\t\t<img decoding=\"async\" src=\"https:\/\/seedus4268.gloriatv.net\/storage1\/ub927h2kdd6uo43e4dsy0wwr8t62vzwfwjthmmw?secure=qjwEDKuRAFNTc23YMxopcg&amp;expires=1787628865&amp;scale=4096\" style=\"max-width: 150px; max-height: 150px\" \/>\t\t<\/div>\n\t<\/div>\n\t\t<div class=\"vlp-link-text-container\">\n\t\t\t\t<div class=\"vlp-link-title\">\n\t\t\tAUGUST 21, 2026: CATHOLICS SHOULDN&#8217;T HIDE LIKE EVIL LEOCHURCH\t\t<\/div>\n\t\t\t\t\t<\/div>\n<\/div>\n\n\n<div class=\"vlp-link-container vlp-template-default block-editor-block-list__block wp-block wp-block-visual-link-preview-link\">\n\t<a href=\"https:\/\/www.lifesitenews.com\/episodes\/traditional-carmelite-nun-catholic-bishops-vs-queer-minded-bishops\/\" class=\"vlp-link\" title=\"Traditional Carmelite nun: \u2018Catholic bishops vs queer-minded bishops\u2019\" rel=\"nofollow\" target=\"_blank\"><\/a>\t\t<div class=\"vlp-link-image-container\">\n\t\t<div class=\"vlp-link-image\">\n\t\t\t<img decoding=\"async\" src=\"https:\/\/www.lifesitenews.com\/wp-content\/uploads\/2026\/08\/JHW-1920x1080-82026.jpg\" style=\"max-width: 150px; max-height: 150px\" \/>\t\t<\/div>\n\t<\/div>\n\t\t<div class=\"vlp-link-text-container\">\n\t\t\t\t<div class=\"vlp-link-title\">\n\t\t\tTraditional Carmelite nun: \u2018Catholic bishops vs queer-minded bishops\u2019\t\t<\/div>\n\t\t\t\t\t\t<div class=\"vlp-link-summary\">\n\t\t\tTraditional Carmelite nun: \u2018Catholic bishops vs queer-minded bishops\u2019 at LifeSite\t\t<\/div>\n\t\t\t<\/div>\n<\/div>\n\n\n<div class=\"vlp-link-container vlp-template-default block-editor-block-list__block wp-block wp-block-visual-link-preview-link\">\n\t<a href=\"https:\/\/nonvenipacem.org\/2026\/08\/19\/apparently-it-was-already-obvious-78-years-ago\/\" class=\"vlp-link\" title=\"Apparently, it was already obvious 78 years ago\u2026\" rel=\"nofollow\" target=\"_blank\"><\/a>\t\t<div class=\"vlp-link-image-container\">\n\t\t<div class=\"vlp-link-image\">\n\t\t\t<img decoding=\"async\" src=\"https:\/\/nonvenipacem.org\/wp-content\/uploads\/2026\/08\/img_7404-1024x985.jpg\" style=\"max-width: 150px; max-height: 150px\" \/>\t\t<\/div>\n\t<\/div>\n\t\t<div class=\"vlp-link-text-container\">\n\t\t\t\t<div class=\"vlp-link-title\">\n\t\t\tApparently, it was already obvious 78 years ago\u2026\t\t<\/div>\n\t\t\t\t\t\t<div class=\"vlp-link-summary\">\n\t\t\tVisit the post for more.\t\t<\/div>\n\t\t\t<\/div>\n<\/div>\n\n\n<div class=\"vlp-link-container vlp-template-default block-editor-block-list__block wp-block wp-block-visual-link-preview-link\">\n\t<a href=\"https:\/\/mundabor.wordpress.com\/2026\/08\/19\/cardinal-burke-popesplains-again-says-do-not-insult-faggopope-misleads-about-his-office\/\" class=\"vlp-link\" title=\"Cardinal Burke Popesplains Again, Says \u201cDo Not Insult Faggopope\u201d, Misleads About His Office\" rel=\"nofollow\" target=\"_blank\"><\/a>\t\t<div class=\"vlp-link-image-container\">\n\t\t<div class=\"vlp-link-image\">\n\t\t\t<img decoding=\"async\" src=\"https:\/\/mundabor.wordpress.com\/wp-content\/uploads\/2026\/08\/image-24.png\" style=\"max-width: 150px; max-height: 150px\" \/>\t\t<\/div>\n\t<\/div>\n\t\t<div class=\"vlp-link-text-container\">\n\t\t\t\t<div class=\"vlp-link-title\">\n\t\t\tCardinal Burke Popesplains Again, Says \u201cDo Not Insult Faggopope\u201d, Misleads About His Office\t\t<\/div>\n\t\t\t\t\t\t<div class=\"vlp-link-summary\">\n\t\t\tThe latest Popesplaining of the ever fatter Cardinal Burke is here. Frankly, I am getting rather tired of this man. As a fifth column of the subversion, nobody seems to be eager than this guy, and \u2026\t\t<\/div>\n\t\t\t<\/div>\n<\/div>\n\n\n<div class=\"vlp-link-container vlp-template-default block-editor-block-list__block wp-block wp-block-visual-link-preview-link\">\n\t<a href=\"https:\/\/gloria.tv\/post\/BQyFfvC2amqU4Qf9qyVJdZQEs\" class=\"vlp-link\" title=\"AUGUST 19, 2026: AMY JILL THE JESUS ERASER\" rel=\"nofollow\" target=\"_blank\"><\/a>\t\t<div class=\"vlp-link-image-container\">\n\t\t<div class=\"vlp-link-image\">\n\t\t\t<img decoding=\"async\" src=\"https:\/\/seedus3932.gloriatv.net\/storage1\/45uco12o3cxg1a62il7efrx1v73ps8t4gxs9z1l?secure=69O8fykITJJ68pZR3jSZhA&amp;expires=1787392528&amp;scale=4096\" style=\"max-width: 150px; max-height: 150px\" \/>\t\t<\/div>\n\t<\/div>\n\t\t<div class=\"vlp-link-text-container\">\n\t\t\t\t<div class=\"vlp-link-title\">\n\t\t\tAUGUST 19, 2026: AMY JILL THE JESUS ERASER\t\t<\/div>\n\t\t\t\t\t<\/div>\n<\/div>\n\n\n<div class=\"vlp-link-container vlp-template-default block-editor-block-list__block wp-block wp-block-visual-link-preview-link\">\n\t<a href=\"https:\/\/fsspx.news\/en\/news\/archbishop-bourges-july-1st-consecrations-part-1-60573\" class=\"vlp-link\" title=\"The Archbishop of Bourges on the July 1st Consecrations (Part 1)\" rel=\"nofollow\" target=\"_blank\"><\/a>\t\t<div class=\"vlp-link-image-container\">\n\t\t<div class=\"vlp-link-image\">\n\t\t\t<img decoding=\"async\" src=\"https:\/\/fsspx.news\/sites\/default\/files\/styles\/og_image\/public\/fsspxactualites\/fsspxnews\/mgr_sylvain_bataille_2016-2.jpg\" style=\"max-width: 150px; max-height: 150px\" \/>\t\t<\/div>\n\t<\/div>\n\t\t<div class=\"vlp-link-text-container\">\n\t\t\t\t<div class=\"vlp-link-title\">\n\t\t\tThe Archbishop of Bourges on the July 1st Consecrations (Part 1)\t\t<\/div>\n\t\t\t\t\t\t<div class=\"vlp-link-summary\">\n\t\t\tL\u2019archev\u00eaque de Bourges face aux sacres du 1er juillet (1\u00e8re partie)\t\t<\/div>\n\t\t\t<\/div>\n<\/div>\n\n\n<div class=\"vlp-link-container vlp-template-default block-editor-block-list__block wp-block wp-block-visual-link-preview-link\">\n\t<a href=\"https:\/\/fsspx.news\/en\/news\/unjustly-condemned-respond-charity-60596\" class=\"vlp-link\" title=\"Unjustly Condemned: Respond With Charity\" rel=\"nofollow\" target=\"_blank\"><\/a>\t\t<div class=\"vlp-link-image-container\">\n\t\t<div class=\"vlp-link-image\">\n\t\t\t<img decoding=\"async\" src=\"https:\/\/fsspx.news\/sites\/default\/files\/styles\/og_image\/public\/fsspxactualites\/fsspxnews\/571239519_1118932843727104_6906432062404604973_n_0.jpg\" style=\"max-width: 150px; max-height: 150px\" \/>\t\t<\/div>\n\t<\/div>\n\t\t<div class=\"vlp-link-text-container\">\n\t\t\t\t<div class=\"vlp-link-title\">\n\t\t\tUnjustly Condemned: Respond With Charity\t\t<\/div>\n\t\t\t\t\t\t<div class=\"vlp-link-summary\">\n\t\t\tCondamn\u00e9s injustement : r\u00e9pondre par la charit\u00e9\t\t<\/div>\n\t\t\t<\/div>\n<\/div>\n\n\n<div class=\"vlp-link-container vlp-template-default block-editor-block-list__block wp-block wp-block-visual-link-preview-link\">\n\t<a href=\"https:\/\/fsspx.news\/en\/news\/bishop-schneider-sspx-provides-church-historic-service-60603\" class=\"vlp-link\" title=\"Bishop Schneider: The SSPX Provides the Church a Historic Service\" rel=\"nofollow\" target=\"_blank\"><\/a>\t\t<div class=\"vlp-link-image-container\">\n\t\t<div class=\"vlp-link-image\">\n\t\t\t<img decoding=\"async\" src=\"https:\/\/fsspx.news\/sites\/default\/files\/styles\/og_image\/public\/fsspxactualites\/fsspxnews\/bischof-schneider-bischofsweihen.png.jpg\" style=\"max-width: 150px; max-height: 150px\" \/>\t\t<\/div>\n\t<\/div>\n\t\t<div class=\"vlp-link-text-container\">\n\t\t\t\t<div class=\"vlp-link-title\">\n\t\t\tBishop Schneider: The SSPX Provides the Church a Historic Service\t\t<\/div>\n\t\t\t\t\t\t<div class=\"vlp-link-summary\">\n\t\t\tMgr Schneider : la FSSPX rend \u00e0 l\u2019\u00c9glise \u00ab un service d\u2019une port\u00e9e historique \u00bb\t\t<\/div>\n\t\t\t<\/div>\n<\/div>\n\n\n<div class=\"vlp-link-container vlp-template-default block-editor-block-list__block wp-block wp-block-visual-link-preview-link\">\n\t<a href=\"https:\/\/mundabor.wordpress.com\/2026\/08\/18\/archbishop-schneider-defends-and-praises-the-sspx-denies-the-accusation-of-schism-criticises-legalism-papalism-and-heresy-within-the-church\/\" class=\"vlp-link\" title=\"Archbishop Schneider Defends And Praises The SSPX, Denies The Accusation Of \u201cSchism\u201d, Criticises Legalism, Papalism, And Heresy Within The Church.\" rel=\"nofollow\" target=\"_blank\"><\/a>\t\t<div class=\"vlp-link-image-container\">\n\t\t<div class=\"vlp-link-image\">\n\t\t\t<img decoding=\"async\" src=\"https:\/\/mundabor.wordpress.com\/wp-content\/uploads\/2026\/08\/image-19.png\" style=\"max-width: 150px; max-height: 150px\" \/>\t\t<\/div>\n\t<\/div>\n\t\t<div class=\"vlp-link-text-container\">\n\t\t\t\t<div class=\"vlp-link-title\">\n\t\t\tArchbishop Schneider Defends And Praises The SSPX, Denies The Accusation Of \u201cSchism\u201d, Criticises Legalism, Papalism, And Heresy Within The Church.\t\t<\/div>\n\t\t\t\t\t\t<div class=\"vlp-link-summary\">\n\t\t\tTu-95 \u201cSchneider\u201d, here seen during a bombing operation on Vatican II. Bishop Schneider has issued his first public declaration after the Disneyland \u201cexcommunications\u201d. It&amp;#\u2026\t\t<\/div>\n\t\t\t<\/div>\n<\/div>\n\n\n<div class=\"vlp-link-container vlp-template-default block-editor-block-list__block wp-block wp-block-visual-link-preview-link\">\n\t<a href=\"https:\/\/gloria.tv\/post\/LHzTnHXfKpUa33iodq9C4WrDX\" class=\"vlp-link\" title=\"AUGUST 18, 2026: IN LEO&#039;S NAZICHURCH, CATHOLICISM IS THE ONLY THING THAT&#039;S ILLEGAL\" rel=\"nofollow\" target=\"_blank\"><\/a>\t\t<div class=\"vlp-link-image-container\">\n\t\t<div class=\"vlp-link-image\">\n\t\t\t<img decoding=\"async\" src=\"https:\/\/seedus2043.gloriatv.net\/storage1\/hbp4wo7genz35pocyww0p6vh6kbrc0v2g2v7hm2?secure=Aej7fDt4aR3N-40aY7kI0A&amp;expires=1787351109&amp;scale=4096\" style=\"max-width: 150px; max-height: 150px\" \/>\t\t<\/div>\n\t<\/div>\n\t\t<div class=\"vlp-link-text-container\">\n\t\t\t\t<div class=\"vlp-link-title\">\n\t\t\tAUGUST 18, 2026: IN LEO&#8217;S NAZICHURCH, CATHOLICISM IS THE ONLY THING THAT&#8217;S ILLEGAL\t\t<\/div>\n\t\t\t\t\t<\/div>\n<\/div>\n\n\n<div class=\"vlp-link-container vlp-template-default block-editor-block-list__block wp-block wp-block-visual-link-preview-link\">\n\t<a href=\"https:\/\/gloria.tv\/post\/uFBDu1ztGEjP2S3QZTWLuZauh\" class=\"vlp-link\" title=\"AUGUST 17, 2026: NO MORE BEGGING THE ENEMIES OF GOOD\" rel=\"nofollow\" target=\"_blank\"><\/a>\t\t<div class=\"vlp-link-image-container\">\n\t\t<div class=\"vlp-link-image\">\n\t\t\t<img decoding=\"async\" src=\"https:\/\/seedus0275.gloriatv.net\/storage1\/6if86navj4h9jl33qoymqne9pcqj10qf7ugniq8?secure=OmgJbOkjreWknQE95i0hCw&amp;expires=1787297929&amp;scale=4096\" style=\"max-width: 150px; max-height: 150px\" \/>\t\t<\/div>\n\t<\/div>\n\t\t<div class=\"vlp-link-text-container\">\n\t\t\t\t<div class=\"vlp-link-title\">\n\t\t\tAUGUST 17, 2026: NO MORE BEGGING THE ENEMIES OF GOOD\t\t<\/div>\n\t\t\t\t\t<\/div>\n<\/div>\n\n\n<div class=\"vlp-link-container vlp-template-default block-editor-block-list__block wp-block wp-block-visual-link-preview-link\">\n\t<a href=\"https:\/\/wdtprs.com\/2026\/08\/vatican-official-fed-pachamama-during-ritual-while-in-peru\/\" class=\"vlp-link\" title=\"Vatican official \u201cfed\u201d Pachamama during ritual while in Peru | Fr. Z&#039;s Blog\" rel=\"nofollow\" target=\"_blank\"><\/a>\t\t<div class=\"vlp-link-image-container\">\n\t\t<div class=\"vlp-link-image\">\n\t\t\t\t\t<\/div>\n\t<\/div>\n\t\t<div class=\"vlp-link-text-container\">\n\t\t\t\t<div class=\"vlp-link-title\">\n\t\t\tVatican official \u201cfed\u201d Pachamama during ritual while in Peru | Fr. Z&#8217;s Blog\t\t<\/div>\n\t\t\t\t\t<\/div>\n<\/div>\n\n\n<div class=\"vlp-link-container vlp-template-default block-editor-block-list__block wp-block wp-block-visual-link-preview-link\">\n\t<a href=\"https:\/\/tridentinecatholic.com\/wp2\/2026\/08\/14\/free-2027-liturgical-calendar-hot-off-the-press-both-the-2027-and-2026-are-available-for-free-downloads\/\" class=\"vlp-link\" title=\"Free 2027 Liturgical calendar hot off the press. Both the 2027 and 2026 are available for free downloads\" rel=\"nofollow\" target=\"_blank\"><\/a>\t\t<div class=\"vlp-link-image-container\">\n\t\t<div class=\"vlp-link-image\">\n\t\t\t\t\t<\/div>\n\t<\/div>\n\t\t<div class=\"vlp-link-text-container\">\n\t\t\t\t<div class=\"vlp-link-title\">\n\t\t\tFree 2027 Liturgical calendar hot off the press. Both the 2027 and 2026 are available for free downloads\t\t<\/div>\n\t\t\t\t\t<\/div>\n<\/div>\n\n\n<div class=\"vlp-link-container vlp-template-default block-editor-block-list__block wp-block wp-block-visual-link-preview-link\">\n\t<a href=\"https:\/\/integritymagazine.org\/2026\/08\/10\/liturgy-wars-intensify-how-indult-masses-are-being-weaponized-against-traditionalists\/\" class=\"vlp-link\" title=\"Liturgy wars intensify: How Indult Masses are being weaponized against Traditionalists - Integrity Magazine\" rel=\"nofollow\" target=\"_blank\"><\/a>\t\t<div class=\"vlp-link-image-container\">\n\t\t<div class=\"vlp-link-image\">\n\t\t\t<img decoding=\"async\" src=\"https:\/\/integritymagazine.org\/wp-content\/uploads\/2026\/08\/nikhil-mitra-Wi4tAOFcW6I-unsplash-e1786378110759.jpg\" style=\"max-width: 150px; max-height: 150px\" \/>\t\t<\/div>\n\t<\/div>\n\t\t<div class=\"vlp-link-text-container\">\n\t\t\t\t<div class=\"vlp-link-title\">\n\t\t\tLiturgy wars intensify: How Indult Masses are being weaponized against Traditionalists &#8211; Integrity Magazine\t\t<\/div>\n\t\t\t\t\t\t<div class=\"vlp-link-summary\">\n\t\t\tThe latest developments in Pittsburgh and Texas demonstrate that Rome is getting craftier in its war against the faith rather than relenting.\t\t<\/div>\n\t\t\t<\/div>\n<\/div>\n\n\n<div class=\"vlp-link-container vlp-template-default block-editor-block-list__block wp-block wp-block-visual-link-preview-link\">\n\t<a href=\"https:\/\/rumble.com\/v7e39ta-august-12-2026-why-do-leobishops-act-the-way-they-do.html\" class=\"vlp-link\" title=\"AUGUST 12, 2026: WHY DO LEOBISHOPS ACT THE WAY THEY DO?\" rel=\"nofollow\" target=\"_blank\"><\/a>\t\t<div class=\"vlp-link-image-container\">\n\t\t<div class=\"vlp-link-image\">\n\t\t\t<img decoding=\"async\" src=\"https:\/\/1a-1791.com\/video\/fwe2\/94\/s8\/1\/U\/5\/5\/O\/U55OA.qR4e-small-AUGUST-12-2026-WHY-DO-LEOBI..jpg\" style=\"max-width: 150px; max-height: 150px\" \/>\t\t<\/div>\n\t<\/div>\n\t\t<div class=\"vlp-link-text-container\">\n\t\t\t\t<div class=\"vlp-link-title\">\n\t\t\tAUGUST 12, 2026: WHY DO LEOBISHOPS ACT THE WAY THEY DO?\t\t<\/div>\n\t\t\t\t\t<\/div>\n<\/div>\n\n\n<div class=\"vlp-link-container vlp-template-default block-editor-block-list__block wp-block wp-block-visual-link-preview-link\">\n\t<a href=\"https:\/\/wdtprs.com\/2026\/08\/the-big-lie-of-mr-cricket\/\" class=\"vlp-link\" title=\"The Big Lie of Mr. Cricket | Fr. Z&#039;s Blog\" rel=\"nofollow\" target=\"_blank\"><\/a>\t\t<div class=\"vlp-link-image-container\">\n\t\t<div class=\"vlp-link-image\">\n\t\t\t\t\t<\/div>\n\t<\/div>\n\t\t<div class=\"vlp-link-text-container\">\n\t\t\t\t<div class=\"vlp-link-title\">\n\t\t\tThe Big Lie of Mr. Cricket | Fr. Z&#8217;s Blog\t\t<\/div>\n\t\t\t\t\t<\/div>\n<\/div>\n\n\n<div class=\"vlp-link-container vlp-template-default block-editor-block-list__block wp-block wp-block-visual-link-preview-link\">\n\t<a href=\"https:\/\/pjmedia.com\/stephen-kruiser\/2026\/08\/12\/the-morning-briefing-cute-couple-tucker-carlson-and-hunter-biden-find-each-other-n4956033\" class=\"vlp-link\" title=\"The Morning Briefing: Cute Couple \u2014 Tucker Carlson and Hunter Biden Find Each Other\" rel=\"nofollow\" target=\"_blank\"><\/a>\t\t<div class=\"vlp-link-image-container\">\n\t\t<div class=\"vlp-link-image\">\n\t\t\t<img decoding=\"async\" src=\"https:\/\/media.townhall.com\/cdn\/hodl\/2026\/22\/3a164b56-5a90-4cde-a493-440e6352feac.jpg\" style=\"max-width: 150px; max-height: 150px\" \/>\t\t<\/div>\n\t<\/div>\n\t\t<div class=\"vlp-link-text-container\">\n\t\t\t\t<div class=\"vlp-link-title\">\n\t\t\tThe Morning Briefing: Cute Couple \u2014 Tucker Carlson and Hunter Biden Find Each Other\t\t<\/div>\n\t\t\t\t\t\t<div class=\"vlp-link-summary\">\n\t\t\tExamining Tucker Carlson&#8217;s shift, Hunter Biden&#8217;s image, and their political implications in conservative media.\t\t<\/div>\n\t\t\t<\/div>\n<\/div>\n\n\n<div class=\"vlp-link-container vlp-template-default block-editor-block-list__block wp-block wp-block-visual-link-preview-link\">\n\t<a href=\"https:\/\/mundabor.wordpress.com\/2026\/08\/12\/the-pope-as-an-attention-whore-bishop-eleganti-almost-says-what-we-think-out-loud\/\" class=\"vlp-link\" title=\"The Pope As An Attention Whore: Bishop Eleganti Almost Says What We Think Out Loud\" rel=\"nofollow\" target=\"_blank\"><\/a>\t\t<div class=\"vlp-link-image-container\">\n\t\t<div class=\"vlp-link-image\">\n\t\t\t<img decoding=\"async\" src=\"https:\/\/mundabor.wordpress.com\/wp-content\/uploads\/2026\/08\/image-16.png\" style=\"max-width: 150px; max-height: 150px\" \/>\t\t<\/div>\n\t<\/div>\n\t\t<div class=\"vlp-link-text-container\">\n\t\t\t\t<div class=\"vlp-link-title\">\n\t\t\tThe Pope As An Attention Whore: Bishop Eleganti Almost Says What We Think Out Loud\t\t<\/div>\n\t\t\t\t\t\t<div class=\"vlp-link-summary\">\n\t\t\tFGCI, Communist Federation of the Italian Youth. Leo talks and thinks like one of them. Bishop Emeritus Eleganti, a man I remember writing Catholic stuff also in the past, has a beautiful article a\u2026\t\t<\/div>\n\t\t\t<\/div>\n<\/div>\n\n\n\n<hr class=\"wp-block-separator has-alpha-channel-opacity is-style-wide\"\/>\n\n\n<div class=\"vlp-link-container vlp-template-default block-editor-block-list__block wp-block wp-block-visual-link-preview-link\">\n\t<a href=\"https:\/\/www.youtube.com\/watch?v=zn8XBknEDq8\" class=\"vlp-link\" title=\"Leo Promotes A Monster Heretic Cardinal\" rel=\"nofollow\" target=\"_blank\"><\/a>\t\t<div class=\"vlp-link-image-container\">\n\t\t<div class=\"vlp-link-image\">\n\t\t\t<img decoding=\"async\" src=\"https:\/\/i.ytimg.com\/vi\/zn8XBknEDq8\/hqdefault.jpg\" style=\"max-width: 150px; max-height: 150px\" \/>\t\t<\/div>\n\t<\/div>\n\t\t<div class=\"vlp-link-text-container\">\n\t\t\t\t<div class=\"vlp-link-title\">\n\t\t\tLeo Promotes A Monster Heretic Cardinal\t\t<\/div>\n\t\t\t\t\t\t<div class=\"vlp-link-summary\">\n\t\t\tJoin this channel to get access to perks:https:\/\/www.youtube.com\/channel\/UCbgdypwXSo0GzWSVTaiMPJg\/joinSources:https:\/\/substack.com\/@returntotradition1Contact&#8230;\t\t<\/div>\n\t\t\t<\/div>\n<\/div>\n\n\n\n<hr class=\"wp-block-separator has-alpha-channel-opacity is-style-wide\"\/>\n\n\n\n<div class=\"wp-block-columns is-layout-flex wp-container-core-columns-is-layout-9d6595d7 wp-block-columns-is-layout-flex\">\n<div class=\"wp-block-column is-layout-flow wp-block-column-is-layout-flow\"><\/div>\n<\/div>\n\n\n\n<p><\/p>\n","protected":false},"excerpt":{"rendered":"<p>Just a taste of the new Synodal faux Catholic church. This explains a lot why I am a Cubs fan and supporter of the SSPX The Maniple blog A maniple is a tactical unit of the Roman Republican armies, typically consisting of 120 soldiers, and was used during battles for&#8230;<\/p>\n","protected":false},"author":1,"featured_media":0,"parent":0,"menu_order":0,"comment_status":"closed","ping_status":"closed","template":"","meta":{"footnotes":""},"class_list":["post-31770","page","type-page","status-publish","hentry"],"_links":{"self":[{"href":"https:\/\/tridentinecatholic.com\/wp2\/wp-json\/wp\/v2\/pages\/31770","targetHints":{"allow":["GET"]}}],"collection":[{"href":"https:\/\/tridentinecatholic.com\/wp2\/wp-json\/wp\/v2\/pages"}],"about":[{"href":"https:\/\/tridentinecatholic.com\/wp2\/wp-json\/wp\/v2\/types\/page"}],"author":[{"embeddable":true,"href":"https:\/\/tridentinecatholic.com\/wp2\/wp-json\/wp\/v2\/users\/1"}],"replies":[{"embeddable":true,"href":"https:\/\/tridentinecatholic.com\/wp2\/wp-json\/wp\/v2\/comments?post=31770"}],"version-history":[{"count":605,"href":"https:\/\/tridentinecatholic.com\/wp2\/wp-json\/wp\/v2\/pages\/31770\/revisions"}],"predecessor-version":[{"id":34327,"href":"https:\/\/tridentinecatholic.com\/wp2\/wp-json\/wp\/v2\/pages\/31770\/revisions\/34327"}],"wp:attachment":[{"href":"https:\/\/tridentinecatholic.com\/wp2\/wp-json\/wp\/v2\/media?parent=31770"}],"curies":[{"name":"wp","href":"https:\/\/api.w.org\/{rel}","templated":true}]}}